{"id":1660,"date":"2021-06-01T18:31:43","date_gmt":"2021-06-01T21:31:43","guid":{"rendered":"https:\/\/gualaxovivo.com.br\/?page_id=1660"},"modified":"2021-07-19T15:17:39","modified_gmt":"2021-07-19T18:17:39","slug":"gualaxo-do-norte-do-lucro-ao-luto","status":"publish","type":"page","link":"https:\/\/gualaxovivo.com.br\/index.php\/cartografias-historico-sensoriais\/gualaxo-do-norte-do-lucro-ao-luto\/","title":{"rendered":"Gualaxo do Norte: do lucro ao luto"},"content":{"rendered":"\t\t<div data-elementor-type=\"wp-page\" data-elementor-id=\"1660\" class=\"elementor elementor-1660\">\n\t\t\t\t\t\t\t\t\t<section class=\"elementor-section elementor-top-section elementor-element elementor-element-4ddc38d2 elementor-section-full_width elementor-section-height-default elementor-section-height-default\" data-id=\"4ddc38d2\" data-element_type=\"section\">\n\t\t\t\t\t\t<div class=\"elementor-container elementor-column-gap-default\">\n\t\t\t\t\t<div class=\"elementor-column elementor-col-100 elementor-top-column elementor-element elementor-element-7708c13d\" data-id=\"7708c13d\" data-element_type=\"column\">\n\t\t\t<div class=\"elementor-widget-wrap elementor-element-populated\">\n\t\t\t\t\t\t\t\t<div class=\"elementor-element elementor-element-77351d9a elementor-widget elementor-widget-text-editor\" data-id=\"77351d9a\" data-element_type=\"widget\" data-widget_type=\"text-editor.default\">\n\t\t\t\t<div class=\"elementor-widget-container\">\n\t\t\t\t\t\t\t<h1 style=\"font-family: 'KohinoorTeleguBold'; font-size: 1.3em;\">GUALAXO DO NORTE: DO LUCRO AO LUTO<\/h1>\t\t\t\t\t\t<\/div>\n\t\t\t\t<\/div>\n\t\t\t\t\t<\/div>\n\t\t<\/div>\n\t\t\t\t\t\t\t<\/div>\n\t\t<\/section>\n\t\t\t\t<section class=\"elementor-section elementor-top-section elementor-element elementor-element-590df240 elementor-section-boxed elementor-section-height-default elementor-section-height-default\" data-id=\"590df240\" data-element_type=\"section\">\n\t\t\t\t\t\t<div class=\"elementor-container elementor-column-gap-no\">\n\t\t\t\t\t<div class=\"elementor-column elementor-col-100 elementor-top-column elementor-element elementor-element-67b14771\" data-id=\"67b14771\" data-element_type=\"column\">\n\t\t\t<div class=\"elementor-widget-wrap elementor-element-populated\">\n\t\t\t\t\t\t\t\t<div class=\"elementor-element elementor-element-72c18b52 elementor-widget elementor-widget-text-editor\" data-id=\"72c18b52\" data-element_type=\"widget\" data-widget_type=\"text-editor.default\">\n\t\t\t\t<div class=\"elementor-widget-container\">\n\t\t\t\t\t\t\t<!-- wp:shortcode -->\n\n<style>\n\t#hotspot-1657 .hotspots-image-container,\n\t#hotspot-1657 .leaflet-container {\n\t\tbackground: #ffffff\t}\n\n\t#hotspot-1657 .hotspots-placeholder,\n\t.featherlight .featherlight-content.lightbox-1657 {\n\t\tbackground: #ffffff;\n\t\tborder: 0 #ffffff solid;\n\t\tcolor: #000000;\n\t}\n\n\t#hotspot-1657 .hotspot-title,\n\t#hotspot-1657 .bc-product__title a,\n\t.featherlight .featherlight-content.lightbox-1657 .hotspot-title,\n\t.featherlight .featherlight-content.lightbox-1657 .bc-product__title a {\n\t\tcolor: #000000;\n\t}\n\n\t\t\t#hotspot-1657 .hotspot-Custom {\n\t\t\tstroke-width: 1;\n\t\t\tfill: #ffffff;\n\t\t\tfill-opacity: 0;\n\t\t\tstroke: #ffffff;\n\t\t\tstroke-opacity: 0;\n\t\t}\n\t\t#hotspot-1657 .hotspot-Custom:hover,\n\t\t#hotspot-1657 .hotspot-Custom:focus,\n\t\t#hotspot-1657 .hotspot-Custom.hotspot-active {\n\t\t\tfill: #ffffff;\n\t\t\tfill-opacity: 0.81;\n\t\t\toutline: none;\n\t\t\tstroke: #ffffff;\n\t\t\tstroke-opacity: 0.01;\n\t\t}\n\t\t\t#hotspot-1657 .hotspot-default {\n\t\t\tstroke-width: 1;\n\t\t\tfill: #ffffff;\n\t\t\tfill-opacity: 0;\n\t\t\tstroke: #ffffff;\n\t\t\tstroke-opacity: 0;\n\t\t}\n\t\t#hotspot-1657 .hotspot-default:hover,\n\t\t#hotspot-1657 .hotspot-default:focus,\n\t\t#hotspot-1657 .hotspot-default.hotspot-active {\n\t\t\tfill: #ffffff;\n\t\t\tfill-opacity: 0.01;\n\t\t\toutline: none;\n\t\t\tstroke: #ffffff;\n\t\t\tstroke-opacity: 0.01;\n\t\t}\n\t\t#hotspot-1657 .leaflet-tooltip,\n\t#hotspot-1657 .leaflet-rrose-content-wrapper {\n\t\tbackground: #ffffff;\n\t\tborder-color: #ffffff;\n\t\tcolor: #000000;\n\t}\n\n\t#hotspot-1657 a.leaflet-rrose-close-button {\n\t\tcolor: #000000;\n\t}\n\n\t#hotspot-1657 .leaflet-rrose-tip {\n\t\tbackground: #ffffff;\n\t}\n\n\t#hotspot-1657 .leaflet-popup-scrolled {\n\t\tborder-bottom-color: #000000;\n\t\tborder-top-color: #000000;\n\t}\n\n\t#hotspot-1657 .leaflet-tooltip-top:before {\n\t\tborder-top-color: #ffffff;\n\t}\n\n\t#hotspot-1657 .leaflet-tooltip-bottom:before {\n\t\tborder-bottom-color: #ffffff;\n\t}\n\t#hotspot-1657 .leaflet-tooltip-left:before {\n\t\tborder-left-color: #ffffff;\n\t}\n\t#hotspot-1657 .leaflet-tooltip-right:before {\n\t\tborder-right-color: #ffffff;\n\t}\n<\/style>\n\n\n\t<div class=\"hotspots-container  layout-right event-click\" id=\"hotspot-1657\" data-layout=\"right\" data-trigger=\"click\">\n\t\t<div class=\"hotspots-interaction\">\n\t\t\t\t<div class=\"hotspots-placeholder\" id=\"content-hotspot-1657\">\n\t\t<div class=\"hotspot-initial\">\n\t\t\t<h2 class=\"hotspot-title\">\n\t\t\t\tMapa 9\t\t\t<\/h2>\n\t\t\t<div class=\"hotspot-content\">\n\t\t\t\t\t\t\t\t<p> <span style=\"font-size: 16px\">DO LUCRO AO LUTO<\/span><br \/>\n  <span style=\"font-size: 12px\">(Segunda metade do s\u00e9culo XX at\u00e9 5 de novembro de 2015)<\/span><\/p>\n<p style=\"font-size: 12px\"><span style=\"font-size: 12px\">Para acessar sons, iconografias e relatos hist\u00f3ricos sobre o Gualaxo do Norte no per\u00edodo de atua\u00e7\u00e3o das mineradoras com capital internacional, clique nos \u00edcones do mapa. <\/p>\n<p><\/p>\n<p style=\"font-size: 12px\">Para acessar o texto em PDF sobre as sonoridades da regi\u00e3o na segunda metade do s\u00e9culo XX at\u00e9 5 de novembro de 2015 tendo o rio Gualaxo do Norte como narrador, <span style=\"text-decoration: underline\"><a href=\"https:\/\/gualaxovivo.com.br\/wp-content\/uploads\/2021\/07\/modelo-texto-capitulos-ebook_9_v2.pdf\" target=\"_blank\">clique aqui<\/a><\/span>. <\/p>\n<p style=\"font-size: 12px\">Para ouvir esta narrativa, clique no play.<\/span><\/p>\n<p style=\"font-size: 12px\">\n<article class=\"iron_widget_radio\">\n<div class=\"iron-audioplayer  sonaar-no-artwork sr_waveform_mediaElement\" id=\"arbitrary-instance-69f286f157422-d022ce43ff\" data-id=\"arbitrary-instance-69f286f157422\" data-albums=\"1979\"data-url-playlist=\"https:\/\/gualaxovivo.com.br\/?load=playlist.json&#038;title=&#038;albums=1979&#038;feed_title=%20&#038;feed=https:\/\/gualaxovivo.com.br\/wp-content\/uploads\/2021\/07\/9.-DO-LUCRO-AO-LUTO.mp3&#038;feed_img=&#038;el_widget_id=&#038;artwork=&#038;posts_per_pages=-1&#038;all_category=&#038;single_playlist=\" data-sticky-player=\"0\" data-shuffle=\"\" data-playlist_title=\"\" data-scrollbar=\"\" data-wave-color=\"\" data-wave-progress-color=\"\" data-no-wave=\"\" data-hide-progressbar=\"\" data-feedurl=\"1\" data-notrackskip=\"\" data-playertype=\"\" data-playertemplate =\"skin_float_tracklist\" data-speedrate=\"1\" style=\"opacity:0;\">\n<div class=\"sonaar-grid\" style=&quot;display:none;&quot;>\n<div class=\"playlist\">\n<h3 class=\"sr_it-playlist-title\"><\/h3>\n<div class=\"srp_subtitle\"><\/div>\n<div class=\"srp_tracklist\">\n<ul class\"\">\n<li \n            class=\"sr-playlist-item sr-playlist-item-flex\" \n            data-audiopath=\"https:\/\/gualaxovivo.com.br\/wp-content\/uploads\/2021\/07\/9.-DO-LUCRO-AO-LUTO.mp3\"\n            data-showloading=\"1\"\n            data-albumTitle=\"\"\n            data-albumArt=\"\"\n            data-releasedate=\"\"\n            data-date=\"\"\n            data-show-date=\"\"\n            data-trackTitle=\" \"\n            data-trackID=\"\"\n            data-trackTime=\"\"\n            data-relatedTrack=\"\"\n            data-post-url=\"\"\n            ><span class=\"store-list\"><\/span><\/li>\n<\/ul>\n<\/div>\n<\/div>\n<\/div>\n<div class=\"album-player\">\n<div class=\"album-title\"><\/div>\n<div class=\"track-title\"><\/div>\n<div class=\"player \" >\n<div class=\"sr_progressbar\">\n<div class=\"currentTime\"><\/div>\n<div id=\"arbitrary-instance-69f286f157422-ffd39a51fd-wave\" class=\"wave\" >\n<div class=\"sonaar_fake_wave\" style=\"height:70px\">\n                <audio src=\"\" class=\"sonaar_media_element\"><\/audio><\/p>\n<div class=\"sonaar_wave_base\">\n                    <canvas id=arbitrary-instance-69f286f157422-container class=\"\" height=\"70\" width=\"2540\"><\/canvas><br \/>\n                    <svg><\/svg>\n                <\/div>\n<div class=\"sonaar_wave_cut\">\n                    <canvas id=arbitrary-instance-69f286f157422-progress class=\"\" height=\"70\" width=\"2540\"><\/canvas><br \/>\n                    <svg><\/svg>\n                <\/div>\n<\/p><\/div>\n<\/p><\/div>\n<div class=\"totalTime\"><\/div>\n<\/p><\/div>\n<div class=\"srp_main_control srp_oneColumn\">\n<div class=\"control\">\n<div class=\"play\" style=\"opacity:0;\">\n                <svg version=\"1.1\" xmlns=\"http:\/\/www.w3.org\/2000\/svg\" xmlns:xlink=\"http:\/\/www.w3.org\/1999\/xlink\" width=\"26\" height=\"31.47\" x=\"0px\" y=\"0px\" viewBox=\"0 0 17.5 21.2\" style=\"enable-background:new 0 0 17.5 21.2;\" xml:space=\"preserve\">\n                    <path d=\"M0,0l17.5,10.9L0,21.2V0z\"\/>\n                    <rect width=\"6\" height=\"21.2\"\/>\n                    <rect x=\"11.5\" width=\"6\" height=\"21.2\"\/>\n                <\/svg>\n            <\/div>\n<\/div>\n<div class=\"control\"><\/div>\n<\/div>\n<\/div>\n<\/div>\n<div class=\"album-store\"><\/div>\n<\/div>\n<\/article>\n<p><\/p>\n<p style=\"font-size: 12px\">Para acessar atividades did\u00e1ticas sobre as sonoridades do entorno sociocultural do Gualaxo do Norte na segunda metade do s\u00e9culo XX at\u00e9 5 de novembro de 2015, <span style=\"text-decoration: underline\"><a href=\"https:\/\/gualaxovivo.com.br\/wp-content\/uploads\/2021\/12\/Atividades-9.pdf\" target=\"_blank\">clique aqui<\/a><\/span><\/p>\n\t\t\t\t\t\t\t<\/div>\n\t\t<\/div>\n\t<\/div>\n<div class=\"hotspots-image-container\">\n\t<img\n\t\twidth=\"1920\"\n\t\theight=\"1435\"\n\t\tsrc=\"https:\/\/gualaxovivo.com.br\/wp-content\/uploads\/2021\/06\/MAPA-9-.jpg\"\n\t\talt=\"Mapa 9\"\n\t\tclass=\"hotspots-image skip-lazy\"\n\t\tusemap=\"#hotspots-image-1657\"\n\t\tdata-image-title=\"Mapa 9\"\n\t\tdata-image-description=\"DO LUCRO AO LUTO\r\n  (Segunda metade do s\u00e9culo XX at\u00e9 5 de novembro de 2015)\r\nPara acessar sons, iconografias e relatos hist\u00f3ricos sobre o Gualaxo do Norte no per\u00edodo de atua\u00e7\u00e3o das mineradoras com capital internacional, clique nos \u00edcones do mapa. \r\n    \r\n    Para acessar o texto em PDF sobre as sonoridades da regi\u00e3o na segunda metade do s\u00e9culo XX at\u00e9 5 de novembro de 2015 tendo o rio Gualaxo do Norte como narrador, clique aqui. \r\n    Para ouvir esta narrativa, clique no play.\r\n  \r\n  [sonaar_audioplayer playlist_type=\"feed\" albums=\"1979\" artwork_id=\"\" display_control_artwork=\"false\" feed=\"https:\/\/gualaxovivo.com.br\/wp-content\/uploads\/2021\/07\/9.-DO-LUCRO-AO-LUTO.mp3\" feed_title=\" \" hide_artwork=\"false\" show_playlist=\"false\" show_track_market=\"false\" show_album_market=\"false\" hide_timeline=\"false\"][\/sonaar_audioplayer]\r\nPara acessar atividades did\u00e1ticas sobre as sonoridades do entorno sociocultural do Gualaxo do Norte na segunda metade do s\u00e9culo XX at\u00e9 5 de novembro de 2015, clique aqui\"\n\t\tdata-event-trigger=\"click\"\n\t\tdata-always-visible=\"false\"\n\t\tdata-id=\"1657\"\n\t\tdata-no-lazy=\"1\"\n\t\tdata-lazy-src=\"\"\n\t\tdata-lazy=\"false\"\n\t\tloading=\"eager\"\n\t\tdata-skip-lazy=\"1\"\n\t\t>\n<\/div>\t\t<\/div>\n\t\t<map name=\"hotspots-image-1657\" class=\"hotspots-map\">\n\t\t\t\t\t\t\t\t\t\t\t<area\n\t\t\t\t\tshape=\"poly\"\n\t\t\t\t\tcoords=\"303,686,387,704,422,756,410,790,349,796,286,785,236,767,194,723,203,697,236,679\"\n\t\t\t\t\thref=\"#hotspot-hotspot-1657-0\"\n\t\t\t\t\trel=\"\"\n\t\t\t\t\ttitle=\"Queda da barragem\"\n\t\t\t\t\talt=\"Queda da barragem\"\n\t\t\t\t\tdata-action=\"\"\n\t\t\t\t\tdata-color-scheme=\"\"\n\t\t\t\t\tdata-id=\"area-hotspot-1657-0\"\n\t\t\t\t\ttarget=\"\"\n\t\t\t\t\tclass=\"more-info-area\"\n\t\t\t\t\t>\n\t\t\t\t\t\t\t\t\t\t\t<area\n\t\t\t\t\tshape=\"poly\"\n\t\t\t\t\tcoords=\"909,712,979,710,1033,710,1027,672,1006,601,953,591,902,603,862,613,861,683,859,705\"\n\t\t\t\t\thref=\"#hotspot-hotspot-1657-1\"\n\t\t\t\t\trel=\"\"\n\t\t\t\t\ttitle=\"Mineradoras\"\n\t\t\t\t\talt=\"Mineradoras\"\n\t\t\t\t\tdata-action=\"\"\n\t\t\t\t\tdata-color-scheme=\"\"\n\t\t\t\t\tdata-id=\"area-hotspot-1657-1\"\n\t\t\t\t\ttarget=\"\"\n\t\t\t\t\tclass=\"more-info-area\"\n\t\t\t\t\t>\n\t\t\t\t\t\t\t\t\t\t\t<area\n\t\t\t\t\tshape=\"poly\"\n\t\t\t\t\tcoords=\"1344,962,1421,954,1427,907,1429,863,1408,820,1347,794,1302,792,1281,833,1283,888,1290,947\"\n\t\t\t\t\thref=\"#hotspot-hotspot-1657-2\"\n\t\t\t\t\trel=\"\"\n\t\t\t\t\ttitle=\"Estradas de rodagem\"\n\t\t\t\t\talt=\"Estradas de rodagem\"\n\t\t\t\t\tdata-action=\"\"\n\t\t\t\t\tdata-color-scheme=\"\"\n\t\t\t\t\tdata-id=\"area-hotspot-1657-2\"\n\t\t\t\t\ttarget=\"\"\n\t\t\t\t\tclass=\"more-info-area\"\n\t\t\t\t\t>\n\t\t\t\t\t\t\t\t\t\t\t<area\n\t\t\t\t\tshape=\"poly\"\n\t\t\t\t\tcoords=\"1095,617,1184,617,1186,749,1102,747\"\n\t\t\t\t\thref=\"#hotspot-hotspot-1657-3\"\n\t\t\t\t\trel=\"\"\n\t\t\t\t\ttitle=\"Turismo\"\n\t\t\t\t\talt=\"Turismo\"\n\t\t\t\t\tdata-action=\"\"\n\t\t\t\t\tdata-color-scheme=\"\"\n\t\t\t\t\tdata-id=\"area-hotspot-1657-3\"\n\t\t\t\t\ttarget=\"\"\n\t\t\t\t\tclass=\"more-info-area\"\n\t\t\t\t\t>\n\t\t\t\t\t\t\t\t\t\t\t<area\n\t\t\t\t\tshape=\"poly\"\n\t\t\t\t\tcoords=\"690,917,827,919,825,796,699,793\"\n\t\t\t\t\thref=\"#hotspot-hotspot-1657-4\"\n\t\t\t\t\trel=\"\"\n\t\t\t\t\ttitle=\"Carnaval\"\n\t\t\t\t\talt=\"Carnaval\"\n\t\t\t\t\tdata-action=\"\"\n\t\t\t\t\tdata-color-scheme=\"\"\n\t\t\t\t\tdata-id=\"area-hotspot-1657-4\"\n\t\t\t\t\ttarget=\"\"\n\t\t\t\t\tclass=\"more-info-area\"\n\t\t\t\t\t>\n\t\t\t\t\t<\/map>\n\n\t\t\n\t\t\t\t\t\n\t\t\t\t\t\t<div class=\"hotspot-info \" id=\"hotspot-hotspot-1657-0\">\n\t\t\t\t\n\t\t\t\t<h2 class=\"hotspot-title\">Queda da barragem<\/h2>\t\t\t\t\t\t\t\t\t<div class=\"hotspot-thumb\">\n\t\t\t\t\t\t<img loading=\"lazy\" decoding=\"async\" width=\"100\" height=\"100\" src=\"https:\/\/gualaxovivo.com.br\/wp-content\/uploads\/2021\/05\/queda-da-barragem.jpg\" class=\"attachment-medium size-medium\" alt=\"\" \/>\t\t\t\t\t<\/div>\n\t\t\t\t\t\t\t\t<div class=\"hotspot-content\">\n\t\t\t\t\t<p><!--[if lt IE 9]><script>document.createElement('audio');<\/script><![endif]--><br \/>\n<audio class=\"wp-audio-shortcode\" id=\"audio-1660-1\" preload=\"none\" style=\"width: 100%;\" controls=\"controls\"><source type=\"audio\/mpeg\" src=\"https:\/\/gualaxovivo.com.br\/wp-content\/uploads\/2021\/12\/Mapa-09-Queda-da-Barragem.m4a?_=1\" \/><a href=\"https:\/\/gualaxovivo.com.br\/wp-content\/uploads\/2021\/12\/Mapa-09-Queda-da-Barragem.m4a\">https:\/\/gualaxovivo.com.br\/wp-content\/uploads\/2021\/12\/Mapa-09-Queda-da-Barragem.m4a<\/a><\/audio><\/p>\n<p style=\"font-size: 12px\">Queda da Barragem<br \/>\n<span style=\"font-size: 6pt\"> https:\/\/globoplay.globo.com\/v\/8788967\/<\/span><\/p>\n<p style=\"font-size: 12px\"><a href=\"https:\/\/gualaxovivo.com.br\/wp-content\/uploads\/2021\/07\/Mapa-9-\u2013-Queda-da-Barragem-\u2013-Bento-Rodrigues-1.pdf\" target=\"_blank\" rel=\"noopener\">Distrito de Bento Rodrigues, Munic\u00edpio de Mariana, Minas Gerais. Foto: Rog\u00e9rio Alves\/TV Senado.<\/a><\/p>\n<p style=\"font-size: 12px\"><a href=\"https:\/\/gualaxovivo.com.br\/wp-content\/uploads\/2021\/12\/Ficha-Igreja-de-Paracatu.pdf\" target=\"_blank\" rel=\"noopener\">Imagem de Paracatu<\/a><\/p>\n<p style=\"font-size: 12px\"><a href=\"https:\/\/gualaxovivo.com.br\/wp-content\/uploads\/2021\/12\/Ficha-Gesteira.pdf\" target=\"_blank\" rel=\"noopener\">Imagem de Gesteira<\/a><\/p>\n<p style=\"font-size: 12px\"><a href=\"https:\/\/gualaxovivo.com.br\/wp-content\/uploads\/2021\/07\/Mapa-9-\u2013-Queda-da-Barragem-\u2013-Barulhos.pdf\" target=\"_blank\" rel=\"noopener\">Depoimento das sonoridades ap\u00f3s a queda da Barragem. Jornal A Sirene, fevereiro de 2017.<\/a><\/p>\n<p style=\"font-size: 12px\"><a href=\"https:\/\/gualaxovivo.com.br\/wp-content\/uploads\/2021\/07\/Mapa-9-\u2013-Queda-da-Barragem-\u2013-Ruidos.pdf\" target=\"_blank\" rel=\"noopener\">Depoimento das sonoridades ap\u00f3s a queda da Barragem. Jornal A Sirene, novembro de 2016.<\/a><\/p>\n<p style=\"font-size: 12px\"><a href=\"https:\/\/gualaxovivo.com.br\/wp-content\/uploads\/2021\/07\/Mapa-9-\u2013-Queda-da-Barragem-\u2013-Estouro.pdf\" target=\"_blank\" rel=\"noopener\">Depoimento das sonoridades ap\u00f3s a queda da Barragem. Jornal A Sirene, mar\u00e7o de 2017.<\/a><\/p>\n\t\t\t\t<\/div>\n\t\t\t<\/div>\n\t\t\t\t\t\n\t\t\t\t\t\t<div class=\"hotspot-info \" id=\"hotspot-hotspot-1657-1\">\n\t\t\t\t\n\t\t\t\t<h2 class=\"hotspot-title\">Mineradoras<\/h2>\t\t\t\t\t\t\t\t\t<div class=\"hotspot-thumb\">\n\t\t\t\t\t\t<img loading=\"lazy\" decoding=\"async\" width=\"100\" height=\"100\" src=\"https:\/\/gualaxovivo.com.br\/wp-content\/uploads\/2021\/05\/escavadeiras.jpg\" class=\"attachment-medium size-medium\" alt=\"\" \/>\t\t\t\t\t<\/div>\n\t\t\t\t\t\t\t\t<div class=\"hotspot-content\">\n\t\t\t\t\t<p><audio class=\"wp-audio-shortcode\" id=\"audio-1660-2\" preload=\"none\" style=\"width: 100%;\" controls=\"controls\"><source type=\"audio\/mpeg\" src=\"https:\/\/gualaxovivo.com.br\/wp-content\/uploads\/2021\/07\/Mapa-09-Mineradoras-Como-era-a-mineradora-vale-antes-do-rompimento-da-barragem.m4a?_=2\" \/><a href=\"https:\/\/gualaxovivo.com.br\/wp-content\/uploads\/2021\/07\/Mapa-09-Mineradoras-Como-era-a-mineradora-vale-antes-do-rompimento-da-barragem.m4a\">https:\/\/gualaxovivo.com.br\/wp-content\/uploads\/2021\/07\/Mapa-09-Mineradoras-Como-era-a-mineradora-vale-antes-do-rompimento-da-barragem.m4a<\/a><\/audio><\/p>\n<p style=\"font-size: 12px\">Mineradoras<br \/>\n<span style=\"font-size: 6pt\"> https:\/\/ www.youtube.com\/watch?v=bLT_CKYmTyU<\/span><\/p>\n<p style=\"font-size: 12px\"><a href=\"https:\/\/gualaxovivo.com.br\/wp-content\/uploads\/2021\/07\/Mapa-9-\u2013-Mineradoras-Samitri.pdf\" target=\"_blank\" rel=\"noopener\">Fotografia. Samitri. Instala\u00e7\u00e3o de britamento e peneiramento. c. 1935.<\/a><\/p>\n<p style=\"font-size: 12px\"><a href=\"https:\/\/gualaxovivo.com.br\/wp-content\/uploads\/2021\/07\/Mapa-9-\u2013-Mineradoras-Vale.pdf\" target=\"_blank\" rel=\"noopener\">Fotografia. Companhia Vale do Rio Doce. Minas Gerais. S.d.<\/a><\/p>\n<p style=\"font-size: 12px\"><a href=\"https:\/\/gualaxovivo.com.br\/wp-content\/uploads\/2021\/07\/Mapa-9-\u2013-Mineradoras-Germano.pdf\" target=\"_blank\" rel=\"noopener\">Fotografia. Barragem de rejeitos da Mina do Germano, constru\u00edda pela Empresa Construtora Brasileira S\/A para a Samarco Minera\u00e7\u00e3o S\/A.<\/a><\/p>\n<p style=\"font-size: 12px\"><a href=\"https:\/\/gualaxovivo.com.br\/wp-content\/uploads\/2021\/07\/Mapa-9-\u2013-Mineradoras-\u2013-Germano2.pdf\" target=\"_blank\" rel=\"noopener\">Fotografia. Complexo de Germano em Mariana, na Regi\u00e3o Central de Minas Gerais.<\/a><\/p>\n<p style=\"font-size: 12px\"><a href=\"https:\/\/gualaxovivo.com.br\/wp-content\/uploads\/2021\/07\/Mapa-9-\u2013-Mineradoras-\u2013-Perfuratiz.pdf\" target=\"_blank\" rel=\"noopener\">Uso de perfuratriz em \u00e1rea de minera\u00e7\u00e3o em Minas Gerais. 1949.<\/a><\/p>\n<p style=\"font-size: 12px\"><a href=\"http:\/\/gualaxovivo.com.br\/wp-content\/uploads\/2021\/06\/Mapa-9-\u2013-Mineradoras-\u2013-Drummond.pdf\" target=\"_blank\" rel=\"noopener\">Poema Canto mineral, de Carlos Drummond de Andrade 1974.<\/a><\/p>\n\t\t\t\t<\/div>\n\t\t\t<\/div>\n\t\t\t\t\t\n\t\t\t\t\t\t<div class=\"hotspot-info \" id=\"hotspot-hotspot-1657-2\">\n\t\t\t\t\n\t\t\t\t<h2 class=\"hotspot-title\">Estradas de rodagem<\/h2>\t\t\t\t\t\t\t\t\t<div class=\"hotspot-thumb\">\n\t\t\t\t\t\t<img loading=\"lazy\" decoding=\"async\" width=\"100\" height=\"100\" src=\"https:\/\/gualaxovivo.com.br\/wp-content\/uploads\/2021\/06\/estrada-de-rodagem.jpg\" class=\"attachment-medium size-medium\" alt=\"\" \/>\t\t\t\t\t<\/div>\n\t\t\t\t\t\t\t\t<div class=\"hotspot-content\">\n\t\t\t\t\t<p><audio class=\"wp-audio-shortcode\" id=\"audio-1660-3\" preload=\"none\" style=\"width: 100%;\" controls=\"controls\"><source type=\"audio\/mpeg\" src=\"https:\/\/gualaxovivo.com.br\/wp-content\/uploads\/2021\/07\/Mapa-09-Estradas-de-rodagem-Trecho-MG129.m4a?_=3\" \/><a href=\"https:\/\/gualaxovivo.com.br\/wp-content\/uploads\/2021\/07\/Mapa-09-Estradas-de-rodagem-Trecho-MG129.m4a\">https:\/\/gualaxovivo.com.br\/wp-content\/uploads\/2021\/07\/Mapa-09-Estradas-de-rodagem-Trecho-MG129.m4a<\/a><\/audio><\/p>\n<p style=\"font-size: 12px\">Estradas de rodagem<br \/>\n<span style=\"font-size: 6pt\"> https:\/\/www.youtube.com\/watch? v=xS8xhP93gMU<\/span><\/p>\n<p style=\"font-size: 12px\"><a href=\"https:\/\/gualaxovivo.com.br\/wp-content\/uploads\/2021\/07\/Mapa-9-\u2013-Estradas-de-rodagem-Klumb.pdf\" target=\"_blank\" rel=\"noopener\">Fotografia [Estrada Uni\u00e3o e Ind\u00fastria, Brasil]: Rout Union et Industrie: Le Font du Retiro produzida por Revert Henry Klumb. 1860.<\/a><\/p>\n<p style=\"font-size: 12px\"><a href=\"http:\/\/gualaxovivo.com.br\/wp-content\/uploads\/2021\/06\/Mapa-9-\u2013-Estradas-de-rodagem-\u2013-Fafa-da-Barra.pdf\" target=\"_blank\" rel=\"noopener\">Depoimento dos sons dos caminh\u00f5es ap\u00f3s a queda da Barragem. Jornal Sirene, julho 2017.<\/a><\/p>\n\t\t\t\t<\/div>\n\t\t\t<\/div>\n\t\t\t\t\t\n\t\t\t\t\t\t<div class=\"hotspot-info \" id=\"hotspot-hotspot-1657-3\">\n\t\t\t\t\n\t\t\t\t<h2 class=\"hotspot-title\">Turismo<\/h2>\t\t\t\t\t\t\t\t\t<div class=\"hotspot-thumb\">\n\t\t\t\t\t\t<img loading=\"lazy\" decoding=\"async\" width=\"100\" height=\"100\" src=\"https:\/\/gualaxovivo.com.br\/wp-content\/uploads\/2021\/07\/turismo.png\" class=\"attachment-medium size-medium\" alt=\"\" \/>\t\t\t\t\t<\/div>\n\t\t\t\t\t\t\t\t<div class=\"hotspot-content\">\n\t\t\t\t\t<p><audio class=\"wp-audio-shortcode\" id=\"audio-1660-4\" preload=\"none\" style=\"width: 100%;\" controls=\"controls\"><source type=\"audio\/mpeg\" src=\"https:\/\/gualaxovivo.com.br\/wp-content\/uploads\/2021\/12\/Mapa-09-Turismo.m4a?_=4\" \/><a href=\"https:\/\/gualaxovivo.com.br\/wp-content\/uploads\/2021\/12\/Mapa-09-Turismo.m4a\">https:\/\/gualaxovivo.com.br\/wp-content\/uploads\/2021\/12\/Mapa-09-Turismo.m4a<\/a><\/audio><\/p>\n<p style=\"font-size: 12px\">Turismo<br \/>\n<span style=\"font-size: 6pt\"> https:\/\/www.youtube.com\/watch?v=o04HtVxKI44<\/span><\/p>\n<p><a href=\"https:\/\/gualaxovivo.com.br\/wp-content\/uploads\/2021\/07\/Mapa-9-\u2013-Turismo-\u2013-Estrada-Real.pdf\" target=\"_blank\" rel=\"noopener\"><span style=\"font-size: 12px\">Marco da Estrada Real na entrada do povoado de Bento Rodrigues, antes da ruptura da Barragem de Fund\u00e3o.<\/span><\/a><\/p>\n\t\t\t\t<\/div>\n\t\t\t<\/div>\n\t\t\t\t\t\n\t\t\t\t\t\t<div class=\"hotspot-info \" id=\"hotspot-hotspot-1657-4\">\n\t\t\t\t\n\t\t\t\t<h2 class=\"hotspot-title\">Carnaval<\/h2>\t\t\t\t\t\t\t\t<div class=\"hotspot-content\">\n\t\t\t\t\t<p><audio class=\"wp-audio-shortcode\" id=\"audio-1660-5\" preload=\"none\" style=\"width: 100%;\" controls=\"controls\"><source type=\"audio\/mpeg\" src=\"https:\/\/gualaxovivo.com.br\/wp-content\/uploads\/2021\/12\/Mapa-9-Carnaval-Festa-em-Bento-Rodrigues.m4a?_=5\" \/><a href=\"https:\/\/gualaxovivo.com.br\/wp-content\/uploads\/2021\/12\/Mapa-9-Carnaval-Festa-em-Bento-Rodrigues.m4a\">https:\/\/gualaxovivo.com.br\/wp-content\/uploads\/2021\/12\/Mapa-9-Carnaval-Festa-em-Bento-Rodrigues.m4a<\/a><\/audio><\/p>\n<p style=\"font-size: 12px\">Carnaval<br \/>\n<span style=\"font-size: 6pt\"> https:\/\/globoplay.globo.com\/v\/8788967\/<\/span><\/p>\n<p><a href=\"https:\/\/gualaxovivo.com.br\/wp-content\/uploads\/2021\/07\/Mapa-09-Carnaval-Barra-Longa-01.pdf\" target=\"_blank\" rel=\"noopener\"><span style=\"font-size: 12px\">Fotografia. Carnaval em Barra Longa. s.d.<\/span><\/a><br \/>\n<a href=\"https:\/\/gualaxovivo.com.br\/wp-content\/uploads\/2021\/07\/Mapa-09-Carnaval-Barra-Longa-02.pdf\" target=\"_blank\" rel=\"noopener\"><span style=\"font-size: 12px\">Fotografia. Carnaval em Barra Longa. s.d.<\/span><\/a><br \/>\n<a href=\"https:\/\/gualaxovivo.com.br\/wp-content\/uploads\/2021\/07\/Mapa-09-Carnaval-Barra-Longa-03.pdf\" target=\"_blank\" rel=\"noopener\"><span style=\"font-size: 12px\">Fotografia. Carnaval em Barra Longa. s.d.<\/span><\/a><br \/>\n<a href=\"https:\/\/gualaxovivo.com.br\/wp-content\/uploads\/2021\/07\/Mapa-09-Carnaval-Barra-Longa-04.pdf\" target=\"_blank\" rel=\"noopener\"><span style=\"font-size: 12px\">Fotografia. Carnaval em Barra Longa. s.d.<\/span><\/a><br \/>\n<a href=\"https:\/\/gualaxovivo.com.br\/wp-content\/uploads\/2021\/07\/Mapa-09-Carnaval-Barra-Longa-05.pdf\" target=\"_blank\" rel=\"noopener\"><span style=\"font-size: 12px\">Fotografia. Carnaval em Barra Longa. s.d.<\/span><\/a><\/p>\n\t\t\t\t<\/div>\n\t\t\t<\/div>\n\t\t\t<\/div>\n\n\n<!-- \/wp:shortcode -->\t\t\t\t\t\t<\/div>\n\t\t\t\t<\/div>\n\t\t\t\t\t<\/div>\n\t\t<\/div>\n\t\t\t\t\t\t\t<\/div>\n\t\t<\/section>\n\t\t\t\t\t\t\t<\/div>\n\t\t","protected":false},"excerpt":{"rendered":"<p>GUALAXO DO NORTE: DO LUCRO AO LUTO<\/p>\n","protected":false},"author":1,"featured_media":0,"parent":128,"menu_order":1,"comment_status":"closed","ping_status":"closed","template":"","meta":{"footnotes":""},"_links":{"self":[{"href":"https:\/\/gualaxovivo.com.br\/index.php\/wp-json\/wp\/v2\/pages\/1660"}],"collection":[{"href":"https:\/\/gualaxovivo.com.br\/index.php\/wp-json\/wp\/v2\/pages"}],"about":[{"href":"https:\/\/gualaxovivo.com.br\/index.php\/wp-json\/wp\/v2\/types\/page"}],"author":[{"embeddable":true,"href":"https:\/\/gualaxovivo.com.br\/index.php\/wp-json\/wp\/v2\/users\/1"}],"replies":[{"embeddable":true,"href":"https:\/\/gualaxovivo.com.br\/index.php\/wp-json\/wp\/v2\/comments?post=1660"}],"version-history":[{"count":7,"href":"https:\/\/gualaxovivo.com.br\/index.php\/wp-json\/wp\/v2\/pages\/1660\/revisions"}],"predecessor-version":[{"id":2060,"href":"https:\/\/gualaxovivo.com.br\/index.php\/wp-json\/wp\/v2\/pages\/1660\/revisions\/2060"}],"up":[{"embeddable":true,"href":"https:\/\/gualaxovivo.com.br\/index.php\/wp-json\/wp\/v2\/pages\/128"}],"wp:attachment":[{"href":"https:\/\/gualaxovivo.com.br\/index.php\/wp-json\/wp\/v2\/media?parent=1660"}],"curies":[{"name":"wp","href":"https:\/\/api.w.org\/{rel}","templated":true}]}}